{"id":220,"date":"2009-01-20T14:11:14","date_gmt":"2009-01-20T12:11:14","guid":{"rendered":"http:\/\/www.green-party.co.il\/Election2009\/?page_id=220"},"modified":"2013-01-19T22:33:00","modified_gmt":"2013-01-19T20:33:00","slug":"francais","status":"publish","type":"page","link":"http:\/\/www.green-party.co.il\/Elec2015\/more\/francais","title":{"rendered":"Fran\u00e7ais"},"content":{"rendered":"<p style=\"text-align: left;\">Sur les Vert<\/p>\n<p style=\"text-align: left;\">La vie en vert<\/p>\n<p style=\"text-align: left;\">Il faut penser la vie en vert.<\/p>\n<p style=\"text-align: left;\">Femmes, hommes, juifs, arabes, jeunes et moins jeunes\u2026 nous pouvons et nous devons \u00eatre ma\u00eetre des choix cruciaux de notre existence.<\/p>\n<p style=\"text-align: left;\">Pris ensemble, nos choix individuels doivent contribuer \u00e0 b\u00e2tir une soci\u00e9t\u00e9 saine, une soci\u00e9t\u00e9 bas\u00e9e sur l'\u00e9thique et l'\u00e9quit\u00e9, et non sur la corruption, l'exploitation et le d\u00e9ni du droit d'autrui \u00e0 avoir ses besoins propres.<\/p>\n<p style=\"text-align: left;\">Notre monde conna\u00eet actuellement une grave crise environnementale, elle-m\u00eame symptomatique d'une crise sociale plus large. En Isra\u00ebl, des ann\u00e9es de n\u00e9gligence environnementale et sociale, ainsi que l'importance et l'urgence des probl\u00e8mes de s\u00e9curit\u00e9, ont eu des cons\u00e9quences d\u00e9sastreuses sur l'environnement et la soci\u00e9t\u00e9 en Isra\u00ebl.<\/p>\n<p style=\"text-align: left;\">Les verts ont conscience du fait que les probl\u00e8mes de s\u00e9curit\u00e9 continueront de n\u00e9cessiter toute l'attention des d\u00e9cisionnaires. Cependant, nous devons commencer \u00e0 agir, aujourd'hui. Isra\u00ebl est notre maison. Ne n\u00e9gligeons pas la maison.<\/p>\n<p style=\"text-align: left;\">Les Verts ont des propositions concr\u00e8tes concernant chaque aspect dans la vie du pays. Ces aspects sont d\u00e9taill\u00e9s dans la plate forme du parti.<\/p>\n<p style=\"text-align: left;\">La politique est une! La paix, la s\u00e9curit\u00e9, le march\u00e9 et l'\u00e9conomie, l'\u00e9ducation, la sant\u00e9 et l'environnement bien sur, sont autant d'\u00e9l\u00e9ments qui ensemble construisent l'\u00e9difice de la qualit\u00e9 de notre vie. De la qualit\u00e9 de notre vie d\u00e9pend la vision d'avenir que nous transmettons \u00e0 nos enfants.<\/p>\n<p style=\"text-align: left;\">Pour les Verts, la qualit\u00e9 de la vie est la pierre d'achoppement de la politique.<\/p>\n<p style=\"text-align: left;\">Les Verts am\u00e8neront la qualit\u00e9 de la vie en t\u00eate des priorit\u00e9s de l'Etat.<\/p>\n<p style=\"text-align: left;\">La vision<\/p>\n<p style=\"text-align: left;\">L'ensemble des Premiers ministres d'Isra\u00ebl, sans distinction d'origine politique, a toujours accord\u00e9 une priorit\u00e9 absolue \u00e0 l'aspect s\u00e9curitaire de la vie du pays &#8211; souvent au d\u00e9triment de l'environnement et de la qualit\u00e9 de la vie.<\/p>\n<p style=\"text-align: left;\">Ne le nions pas! La s\u00e9curit\u00e9 est un aspect crucial dans la vie politique isra\u00e9lienne. Mais le monisme s\u00e9curitaire, l'absolue priorit\u00e9 des questions de s\u00e9curit\u00e9 a un prix que nous devons cesser de payer: des rivi\u00e8res charg\u00e9es de polluants, un air dont la (non) qualit\u00e9 est responsable de centaines de morts chaque ann\u00e9e, une eau qui n'est souvent plus potable, des aquif\u00e8res empoisonn\u00e9s de tout ce que nous rejetons sur le sol, des d\u00e9chets qui s'entassent et croissent de mani\u00e8re exponentielle, une nature et une mer appauvries.<\/p>\n<p style=\"text-align: left;\">Nous b\u00e2tissons notre soci\u00e9t\u00e9 dans un environnement physique que nous devons cesser d'ignorer. Prendre conscience de cette r\u00e9alit\u00e9 est une urgence n\u00e9cessaire, un int\u00e9r\u00eat national qui doit transcender les partis politiques. La terre est notre terre \u00e0 tous, l'eau notre eau \u00e0 tous, l'air, notre air \u00e0 tous. Les prot\u00e9ger, c'est nous prot\u00e9ger tous. C'est assurer \u00e0 tous l'\u00e9quit\u00e9 dans la qualit\u00e9 de la vie.<\/p>\n<p style=\"text-align: left;\">Int\u00e9grer le facteur environnemental dans chacune de nos activit\u00e9s est plus qu'une n\u00e9cessit\u00e9 nationale. C'est un appel aux armes pour offrir \u00e0 nos enfants un avenir dont nous n'ayons pas honte. Car notre environnement est en danger.<\/p>\n<p style=\"text-align: left;\">Isra\u00ebl n'est pas une destination de passage !<\/p>\n<p style=\"text-align: left;\">Le peuple juif, satur\u00e9 de p\u00e9r\u00e9grinations \u00e0 travers la diaspora, doit apprendre \u00e0 voir dans Isra\u00ebl la maison dans laquelle il va vivre &#8211; pour le meilleur et pour le pire.<\/p>\n<p style=\"text-align: left;\">Isra\u00ebl n'est pas une destination de passage, un endroit o\u00f9 l'on peut se conduire de mani\u00e8re irresponsable, sans penser aux dommages caus\u00e9s \u00e0 l'environnement.<\/p>\n<p style=\"text-align: left;\">En Isra\u00ebl, on ne peux pas dire: &quot;Je jette autant de d\u00e9chets que je veux, quand il n'y aura plus de place, on vivra ailleurs&quot;.<\/p>\n<p style=\"text-align: left;\">En Isra\u00ebl, on a pas le droit de dire: &quot;La pollution de l'eau ne me regarde pas, quand l'eau sera imbuvable, je boirai celle d'un autre pays.&quot;<\/p>\n<p style=\"text-align: left;\">En Isra\u00ebl, il est irresponsable de dire: &quot;Construisons des routes sans se soucier de la nature. Quand elle aura disparu, je prendrai la route pour voir la nature ailleurs&quot;.<\/p>\n<p style=\"text-align: left;\">En Isra\u00ebl, il faut mettre fin au mode de pens\u00e9e qui se concentre sur la satisfaction de besoins imm\u00e9diats au d\u00e9triment des n\u00e9cessit\u00e9s de l'avenir.<\/p>\n<p style=\"text-align: left;\">Contrairement \u00e0 la r\u00e9alit\u00e9 diasporique qui dictait aux Juifs un mode de pens\u00e9e bas\u00e9 sur l'instabilit\u00e9 et la mobilit\u00e9, la r\u00e9alit\u00e9 isra\u00e9lienne est une r\u00e9alit\u00e9 de stabilit\u00e9 et de p\u00e9rennit\u00e9. Nos enfants vont grandir ici, nous devons donc faire attention \u00e0 chacun de nos pas car l'environnement que nous modelons aujourd'hui dicte celui dans lequel ils vivront demain.<\/p>\n<p style=\"text-align: left;\">L'amour d'Isra\u00ebl<\/p>\n<p style=\"text-align: left;\">C'est notre esp\u00e9rance, Hatikva. Une esp\u00e9rance r\u00e9aliste. Investir dans l'\u00e9ducation de nos enfants et dans la pr\u00e9servation de notre terre et pas seulement de ses fronti\u00e8res. Parce que c'est cela, aussi, l'amour de la terre d'Isra\u00ebl: Etre reli\u00e9 \u00e0 ses paysages, ses rivi\u00e8res, ses for\u00eats, ses steppes, ses champs et ses d\u00e9serts dans leur diversit\u00e9 biologique et visuelle.<\/p>\n<p style=\"text-align: left;\">Les Verts au pouvoir !<\/p>\n<p style=\"text-align: left;\">Le Parti des verts a vu le jour avec l'objectif d'\u00eatre repr\u00e9sent\u00e9 dans le syst\u00e8me politique \u00e0 tous les \u00e9chelons, du municipal au national. Pour changer la politique, il faut faire de la politique.<\/p>\n<p style=\"text-align: left;\">Historique du parti<\/p>\n<p style=\"text-align: left;\">Les Verts sont n\u00e9s en 1997, \u00e0 la suite de la catastrophe des maccabiades.<\/p>\n<p style=\"text-align: left;\">En 1997, tout a bascul\u00e9. L'id\u00e9e, alors r\u00e9pandue, que quelque chose peut \u00eatre \u00e0 la fois &quot;pas cher&quot;, &quot;vite&quot; et &quot;bien&quot; a fait banqueroute. Un groupe de sportifs juifs venus \u00e0 Tel Aviv \u00e0 l'occasion des maccabiades (manifestation sportive p\u00e9riodique qui r\u00e9uni des d\u00e9l\u00e9gations de la plupart des diasporas), est mont\u00e9 sur un pont en bois, construit pour l'occasion, qui traverse la rivi\u00e8re Yarkon. En quelques secondes, le pont s'est \u00e9croul\u00e9 et une partie des sportifs tomb\u00e9s \u00e0 l'eau a absorb\u00e9 un champignon toxique qui prosp\u00e9rait dans les eaux ultra-pollu\u00e9es de la rivi\u00e8re. Plusieurs sportifs sont d\u00e9c\u00e9d\u00e9s suite \u00e0 cette trag\u00e9die.<\/p>\n<p style=\"text-align: left;\">La trag\u00e9die du Yarkon ob\u00e9it a une logique implacable: &quot;Pourquoi investir dans un pont que nous devrons d\u00e9faire demain?&quot; Cette logique, nous l'adoptons aussi comme soci\u00e9t\u00e9 dans notre pays. Elle est indissociable d'un mode de pens\u00e9e dans lequel nous ne sommes que des invit\u00e9s sur cette terre. Il fallait mettre un terme \u00e0 cela.<\/p>\n<p style=\"text-align: left;\">C'est \u00e0 la suite de la trag\u00e9die des maccabiades qu'est n\u00e9 le parti des Verts. Nous croyons que tenir compte de notre environnement est le premier pas \u00e0 accomplir en vue d'int\u00e9grer, comme soci\u00e9t\u00e9, que nous restons ici. C'est notre maison et celle des futures g\u00e9n\u00e9rations. Il n'y en a pas d'autres. Les Verts agissent pour faire passer ce message et proposer des modes de pens\u00e9e et d'actions verts.<\/p>\n<p style=\"text-align: left;\">Histoire politique des Verts<\/p>\n<p style=\"text-align: left;\">Elections municipales 1998<\/p>\n<p style=\"text-align: left;\">Les Verts se sont pr\u00e9sent\u00e9s aux municipales de 1998 dans la seule ville de Tel Aviv Yafo et sont parvenus \u00e0 faire entrer au conseil municipal Peer Visner et Hadas Shakhna\u00ef.<\/p>\n<p style=\"text-align: left;\">Elections \u00e0 la Knesset 1999<\/p>\n<p style=\"text-align: left;\">Les Verts se sont port\u00e9s candidats \u00e0 la Knesset en 1999 et ont re\u00e7u 14,000 voix.<\/p>\n<p style=\"text-align: left;\">Elections \u00e0 la Knesset 2003<\/p>\n<p style=\"text-align: left;\">Les Verts se sont port\u00e9s candidats \u00e0 la Knesset en 2003. Malgr\u00e9 une campagne au maigre budget, ils ont re\u00e7u 13,000 voix.<\/p>\n<p style=\"text-align: left;\">Elections municipales 2003<\/p>\n<p style=\"text-align: left;\">Les listes men\u00e9es par les Verts et les listes li\u00e9es aux verts sont entr\u00e9es dans 14 conseils municipaux et locaux.<\/p>\n<p style=\"text-align: left;\">Les Verts ont doubl\u00e9s leur repr\u00e9sentation \u00e0 Tel Aviv, passant de 2 \u00e0 4 conseillers municipaux. Le dirigeant des Verts, Peer Visner est depuis 2004 vice-maire de Tel Aviv. Sont \u00e9galement rentr\u00e9s au conseil municipal de Tel Aviv-Yafo le parlementaire Mordekha\u00ef Virshovsky, le premier secr\u00e9taire du parti, Hadas Shakhna\u00ef et l'actrice et d\u00e9fenseur des droits des animaux Orna Bana\u00ef.<\/p>\n<p style=\"text-align: left;\">Les villes dans lesquelles les Verts ont pr\u00e9sent\u00e9s des listes et ont une repr\u00e9sentation sont: Ramat Hasharon, Holon, Kiriat Motzkin, Petah Tikva, Ness Tsiona, Zikhron Yaakov, Herzleyiha, Modi'in, Rishon LeTsion, Azor, Shoam et Beer Sheva.<\/p>\n<p style=\"text-align: left;\">Les listes des Verts pr\u00e9sent\u00e9es au municipales ont re\u00e7u un ensemble de 90 000 voix.<\/p>\n<p style=\"text-align: left;\">Elections \u00e0 la Knesset 2006<\/p>\n<p style=\"text-align: left;\">Les Verts se sont port\u00e9s candidats \u00e0 la Knesset en 2006. Ils ont obtenu 48 000 voix. C'est plus que 1,5% des voix qui \u00e9taient n\u00e9cessaires pour \u00eatre \u00e9lu en 2003. Les Verts \u00e9taient le parti le plus proche de rentrer \u00e0 la Knesset pour ces \u00e9lections. Les prochaines \u00e9lections seront une cons\u00e9cration, le d\u00e9but du 'penser-vert' \u00e0 l'\u00e9chelle nationale en Isra\u00ebl.<\/p>\n<p style=\"text-align: left;\">Le Symbole<\/p>\n<p style=\"text-align: left;\">Le symbole des verts en Isra\u00ebl se compose d'un tournesol (que l'on retrouve dans presque tous les partis verts au monde). Le tournesol symbolise le soleil, notre principale source d'\u00e9nergie, et l'importance accord\u00e9e par les Verts de part le monde au sujet des \u00e9nergies renouvelables. Que les Verts connaissent le sort du tournesol, qui s\u00e8me des graines, et emplissent la conscience isra\u00e9lienne de l'importance des questions d'environnement.<\/p>\n<p style=\"text-align: left;\">L'homme, dans le tournesol, vous le connaissez! Vous le voyez presque chaque jour! C'est le petit homme vert du feu de signalisation. Il nous invite \u00e0 aller de l'avant, \u00e0 traverser pour aller de l'autre c\u00f4t\u00e9, une soci\u00e9t\u00e9 de d\u00e9veloppement durable. Les Verts sont un parti d'action.<\/p>\n<p style=\"text-align: left;\">Dans la vision des Verts, comme dans le symbole, l'homme est au centre. Dans le monde de l'action, il avance avec son environnement, pas contre lui, pour construire une soci\u00e9t\u00e9 saine, prosp\u00e8re et \u00e9quitable.<\/p>\n<p style=\"text-align: left;\">Les dirigeants<\/p>\n<p style=\"text-align: left;\">Peer Visner<\/p>\n<p style=\"text-align: left;\">Mari\u00e9 et p\u00e8re de 2 enfants. N\u00e9 en 1957 en Isra\u00ebl et vit \u00e0 Tel Aviv-Yafo.<\/p>\n<p style=\"text-align: left;\">Anciennement industriel et exportateur, ing\u00e9nieur en \u00e9lectricit\u00e9.<\/p>\n<p style=\"text-align: left;\">\u2022- Fondateur et pr\u00e9sident des Verts<\/p>\n<p style=\"text-align: left;\">\u2022- Pr\u00e9sident et fondateur de l'association &quot;l'homme est un arbre des champs&quot; (l'association poss\u00e8de des antennes \u00e0 Tel Aviv, Ness Tsiona et Kiriat Uno). L'association \u00e9tait active dans la pr\u00e9servation, le sauvetage et la plantation d'arbre \u00e0 travers le pays.<\/p>\n<p style=\"text-align: left;\">Postes dans le cadre de la municipalit\u00e9 Tel Aviv-Yafo<\/p>\n<p style=\"text-align: left;\">\u2022- Vice maire de Tel-Aviv Yafo et dirigeant des Verts<\/p>\n<p style=\"text-align: left;\">\u2022- Responsable du d\u00e9veloppement environnemental dans la ville<\/p>\n<p style=\"text-align: left;\">\u2022- Pr\u00e9sident en exercice du conseil de direction de la rivi\u00e8re Yarkon<\/p>\n<p style=\"text-align: left;\">\u2022- Membre de la direction municipale<\/p>\n<p style=\"text-align: left;\">\u2022- Sous-directeur du comit\u00e9 pour la planification et la construction.<\/p>\n<p style=\"text-align: left;\">\u2022- Directeur dans la soci\u00e9t\u00e9 pour le d\u00e9veloppement \u00e9conomique.<\/p>\n<p style=\"text-align: left;\">\u2022- Membre du comit\u00e9 pour les services.<\/p>\n<p style=\"text-align: left;\">Hobbies<\/p>\n<p style=\"text-align: left;\">Trompette, sport (ski et natation), regarder le coucher du soleil.<\/p>\n<p style=\"text-align: left;\">Les Verts en action<\/p>\n<p style=\"text-align: left;\">Les verts sont pr\u00e9sents? Les r\u00e9sultats le seront !<\/p>\n<p style=\"text-align: left;\">Gr\u00e2ce aux Verts:<\/p>\n<p style=\"text-align: left;\">\u20221) Les soci\u00e9t\u00e9s d'autobus ont \u00e9t\u00e9 contraintes d'utiliser un diesel appauvri en soufre, pour amoindrir la pollution de l'air, qui tue chaque ann\u00e9e 1500 personnes.<\/p>\n<p style=\"text-align: left;\">Gr\u00e2ce aux Verts:<\/p>\n<p style=\"text-align: left;\">\u20222) De nombreuses antennes cellulaires n'ont pas \u00e9t\u00e9 install\u00e9es, d'autres ont \u00e9t\u00e9 enlev\u00e9es, et le public est conscient des dangers des \u00e9missions d'ondes.<\/p>\n<p style=\"text-align: left;\">Gr\u00e2ce aux Verts:<\/p>\n<p style=\"text-align: left;\">\u20223) Un projet de r\u00e9habilitation de la rivi\u00e8re Yarkon a \u00e9t\u00e9 entam\u00e9. Des poursuites judiciaires ont \u00e9t\u00e9 initi\u00e9es contre les institutions responsables de la pollution des rivi\u00e8res Yarkon et Ayalon.<\/p>\n<p style=\"text-align: left;\">Gr\u00e2ce aux Verts:<\/p>\n<p style=\"text-align: left;\">\u20224) Des projets immobiliers pr\u00e9vus sur des terrains publics ont \u00e9t\u00e9 stopp\u00e9s.<\/p>\n<p style=\"text-align: left;\">Gr\u00e2ce aux Verts:<\/p>\n<p style=\"text-align: left;\">\u20225) Il existe aujourd'hui \u00e0 Tel Aviv une loi contre la pollution de l'air, qui permet d'agir contre les pollueurs.<\/p>\n<p style=\"text-align: left;\">Gr\u00e2ce aux Verts:<\/p>\n<p style=\"text-align: left;\">\u20226) De nombreux cas de pollution de l'eau et des sols sont \u00e9vit\u00e9s. Des examens du sol sont effectu\u00e9s dans le cadre de projets de construction.<\/p>\n<p style=\"text-align: left;\">Gr\u00e2ce aux Verts:<\/p>\n<p style=\"text-align: left;\">\u20227) On ne construit plus au bord de la mer et celui-ce redevient le bien commun de la collectivit\u00e9.<\/p>\n<p style=\"text-align: left;\">Gr\u00e2ce aux Verts:<\/p>\n<p style=\"text-align: left;\">\u20228) Il y a aujourd'hui une conscience croissante qu'il n'est plus suffisant de prot\u00e9ger les fronti\u00e8res. Il faut prot\u00e9ger la terre.<\/p>\n<p style=\"text-align: left;\">L'activit\u00e9 des Verts dans les diff\u00e9rents domaines.<\/p>\n<p style=\"text-align: left;\">Durant la d\u00e9cennie d'existence du parti, nous avons agi et influenc\u00e9 dans diff\u00e9rents domaines, en collaboration avec l'ensemble des d\u00e9cisionnaires du pays, y compris d\u00e9put\u00e9s, fonctionnaires et organisations environnementales en Isra\u00ebl.<\/p>\n<p style=\"text-align: left;\">Bords de mer.<\/p>\n<p style=\"text-align: left;\">\u2022- Les Verts m\u00e8nent le combat pour sauver le bord de mer d'Herzliyah, menac\u00e9 par des projets immobiliers.<\/p>\n<p style=\"text-align: left;\">\u2022- Les Verts ont \u00e9vit\u00e9 la construction d'un quartier de villas sur le bord de mer adjacent au kibboutz Gaash (au sud de Netanya)<\/p>\n<p style=\"text-align: left;\">\u2022- Les Verts ont \u00e9vit\u00e9 l'\u00e9largissement des maisons du kibboutz Sdot Yam, \u00e0 proximit\u00e9 du bord de mer.<\/p>\n<p style=\"text-align: left;\">\u2022- Les Verts ont \u00e9t\u00e9 un \u00e9l\u00e9ment d\u00e9terminant dans la l\u00e9gislation de la loi sur les c\u00f4tes.<\/p>\n<p style=\"text-align: left;\">\u2022- Les Verts ont \u00e9t\u00e9 partis prenantes du combat contre le programme Nitzanim, une menace pour l'espace \u00e9cologique de cette r\u00e9gion du sud d'Ashdod.<\/p>\n<p style=\"text-align: left;\">\u2022- Les Verts ont aid\u00e9 les surfeurs \u00e0 sauvegarder la plage Hilton \u00e0 Tel Aviv.<\/p>\n<p style=\"text-align: left;\">\u2022- Les Verts ont \u00e9t\u00e9 et sont actifs pour faire sortir les v\u00e9hicules motoris\u00e9s des bords de mer.<\/p>\n<p style=\"text-align: left;\">Pollution de l'air<\/p>\n<p style=\"text-align: left;\">\u2022- Les Verts ont contraint la compagnie d'\u00e9lectricit\u00e9 \u00e0 utiliser le gaz (en lieu et place du charbon) comme source d'\u00e9nergie dans la centrale thermique de Reading, \u00e0 Tel Aviv.<\/p>\n<p style=\"text-align: left;\">\u2022- Les Verts ont men\u00e9 le combat contre la pollution atmosph\u00e9rique des soci\u00e9t\u00e9s d'autobus Egged et Dan.<\/p>\n<p style=\"text-align: left;\">\u2022- Les Verts ont initi\u00e9s la signature d'une convention entre l'ensemble des maires des villes du Goush Dan pour amoindrir la pollution de l'air.<\/p>\n<p style=\"text-align: left;\">Antennes cellulaires<\/p>\n<p style=\"text-align: left;\">\u2022- Les Verts ont men\u00e9 une campagne nationale contre les soci\u00e9t\u00e9s de t\u00e9l\u00e9phones cellulaires sous le titre: Pourquoi cache-t-on des antennes cellulaires?<\/p>\n<p style=\"text-align: left;\">\u2022- Les Verts ont \u00e9t\u00e9 \u00e0 l'origine des actions visant \u00e0 mettre \u00e0 jour des antennes cach\u00e9es et dangereuses.<\/p>\n<p style=\"text-align: left;\">\u2022- Les Verts ont accru la sensibilit\u00e9 du public au danger de l'utilisation du t\u00e9l\u00e9phone portable et a amen\u00e9 \u00e0 une utilisation plus prudente de ces appareils.<\/p>\n<p style=\"text-align: left;\">\u2022- Les Verts ont contraints les soci\u00e9t\u00e9s de t\u00e9l\u00e9phones cellulaires \u00e0 reconna\u00eetre les probl\u00e8mes li\u00e9s \u00e0 la production de rayonnement \u00e9lectromagn\u00e9tique, \u00e0 cr\u00e9er un forum des soci\u00e9t\u00e9s de t\u00e9l\u00e9phones cellulaires, et \u00e0 accro\u00eetre l'information diffus\u00e9e sur le sujet.<\/p>\n<p style=\"text-align: left;\">\u2022- Les Verts sont \u00e0 l'origine de la cr\u00e9ation d'un comit\u00e9 sp\u00e9cial \u00e0 Tel Aviv pour mettre de l'ordre dans les antennes dispos\u00e9es dans la ville.<\/p>\n<p style=\"text-align: left;\">\u2022- Les Verts ont d\u00e9pos\u00e9s une plainte devant la cour supr\u00eame pour contraindre le ministre des T\u00e9l\u00e9communications et ses coll\u00e8gues de l'Int\u00e9rieur, de la Sant\u00e9 et de l'Environnement \u00e0 \u00e9tablir, chacun dans son domaine de juridiction, des directives claires concernant la mise en place d'antennes et la limitation du rayonnement \u00e9lectromagn\u00e9tique.<\/p>\n<p style=\"text-align: left;\">\u2022- Les Verts ont d\u00e9pos\u00e9 une demande \u00e0 la Cour supr\u00eame, afin de contraindre la deuxi\u00e8me cha\u00eene de radio et de t\u00e9l\u00e9vision \u00e0 ne pas diffuser de publicit\u00e9 faisant la promotion de l'utilisation de portables par les enfants.<\/p>\n<p style=\"text-align: left;\">\u2022- Les Verts ont contraint les soci\u00e9t\u00e9s de t\u00e9l\u00e9phones cellulaires \u00e0 unir leurs antennes pour abaisser leur nombre et les ont contraint \u00e0 collaborer entre elles et avec les pouvoirs publics.<\/p>\n<p style=\"text-align: left;\">\u2022- Les Verts sont parvenus \u00e0 d\u00e9manteler des antennes probl\u00e9matiques (m\u00eame si elles r\u00e9pondaient aux standards existants) pour cause de rayonnement \u00e9lectromagn\u00e9tique dans les maisons et les b\u00e2timents publics.<\/p>\n<p style=\"text-align: left;\">Pollution de la mer<\/p>\n<p style=\"text-align: left;\">\u2022- Les Verts ont men\u00e9 le combat sur la grande vague de pollution d'eau de mer en f\u00e9vrier 2003 \u00e0 Tel Aviv. Suite \u00e0 ce combat, la direction du traitement des eaux a \u00e9t\u00e9 contrainte \u00e0 la d\u00e9mission.<\/p>\n<p style=\"text-align: left;\">\u2022- Les Verts ont amen\u00e9 \u00e0 la compr\u00e9hension du lien entre les industries militaires de Nof Yam et le produit polluant jaune retrouv\u00e9 sur les bords de mer d'Herzeliya.<\/p>\n<p style=\"text-align: left;\">\u2022- Les Verts m\u00e8nent le combat pour la purification de la terre des industries militaires de Nof Yam<\/p>\n<p style=\"text-align: left;\">Espaces verts et pr\u00e9servation de la nature<\/p>\n<p style=\"text-align: left;\">\u2022- Les Verts sont \u00e0 la pointe du combat pour la pr\u00e9servation de la biodiversit\u00e9 et des espaces verts en Isra\u00ebl.<\/p>\n<p style=\"text-align: left;\">\u2022- Les Verts sont parmi les grands opposants \u00e0 l'accord de droits non restreints aux agriculteurs.<\/p>\n<p style=\"text-align: left;\">\u2022- Les Verts luttent pour faire cesser les ph\u00e9nom\u00e8nes de construction ill\u00e9gale dans les zones rurales du pays.<\/p>\n<p style=\"text-align: left;\">\u2022- Les Verts sont pionniers dans la lutte pour la pr\u00e9servation d'espaces verts dans les zones des industries militaires (Tel Aviv, Ramat Hasharon, Nof Yam)<\/p>\n<p style=\"text-align: left;\">\u2022- Les Verts sont parmi les opposants \u00e0 la mise en place de la partie nord de l'autoroute Ayalon.<\/p>\n<p style=\"text-align: left;\">\u2022- Les Verts ont men\u00e9 une campagne r\u00e9ussie contre la mise en place de la route 45 reliant Ben Shemen \u00e0 Guivat Zeev, en parall\u00e8le \u00e0 la 443.<\/p>\n<p style=\"text-align: left;\">\u2022- Les Verts ont men\u00e9 le combat contre la mise en place de la route Six, y compris toutes les activit\u00e9s de protestation contre la route.<\/p>\n<p style=\"text-align: left;\">La Mer morte<\/p>\n<p style=\"text-align: left;\">\u2022- Les Verts ont d\u00e9pos\u00e9 une plainte devant la cour supr\u00eame, avec des organisations environnementales, contre l'Etat et la soci\u00e9t\u00e9 des usines de la Mer morte pour les dommages continus et la destruction de cette r\u00e9gion unique de notre patrimoine.<\/p>\n<p style=\"text-align: left;\">Droits des animaux<\/p>\n<p style=\"text-align: left;\">\u2022- Les verts m\u00e8nent le combat contre l'utilisation des animaux dans les cirques.<\/p>\n<p style=\"text-align: left;\">\u2022- Les Verts ont \u00e9t\u00e9 parties prenantes de la lutte contre la vente de fourrure dans les magasins Castro.<\/p>\n<p style=\"text-align: left;\">\u2022- Les Verts ont particip\u00e9 au combat visant \u00e0 cesser le gavage des oies.<\/p>\n<p style=\"text-align: left;\">Pour plus de renseignements<\/p>\n<p style=\"text-align: left;\">Contactez Jonathan Aikhenbaum<\/p>\n<p style=\"text-align: left;\">jaikhenbaum@gmail.com<\/p>\n<p style=\"text-align: left;\">Tel : 052 6010867<\/p>\n","protected":false},"excerpt":{"rendered":"<p>Sur les Vert La vie en vert Il faut penser la vie en vert. Femmes, hommes, juifs, arabes, jeunes et moins jeunes\u2026 nous pouvons et nous devons \u00eatre ma\u00eetre des choix cruciaux de notre existence. Pris ensemble, nos choix individuels doivent contribuer \u00e0 b\u00e2tir une soci\u00e9t\u00e9 saine, une soci\u00e9t\u00e9 bas\u00e9e sur l'\u00e9thique et l'\u00e9quit\u00e9, et [&#8230;]<\/p>\n","protected":false},"author":1,"featured_media":0,"parent":150,"menu_order":0,"comment_status":"closed","ping_status":"closed","template":"","meta":[],"_links":{"self":[{"href":"http:\/\/www.green-party.co.il\/Elec2015\/wp-json\/wp\/v2\/pages\/220"}],"collection":[{"href":"http:\/\/www.green-party.co.il\/Elec2015\/wp-json\/wp\/v2\/pages"}],"about":[{"href":"http:\/\/www.green-party.co.il\/Elec2015\/wp-json\/wp\/v2\/types\/page"}],"author":[{"embeddable":true,"href":"http:\/\/www.green-party.co.il\/Elec2015\/wp-json\/wp\/v2\/users\/1"}],"replies":[{"embeddable":true,"href":"http:\/\/www.green-party.co.il\/Elec2015\/wp-json\/wp\/v2\/comments?post=220"}],"version-history":[{"count":4,"href":"http:\/\/www.green-party.co.il\/Elec2015\/wp-json\/wp\/v2\/pages\/220\/revisions"}],"predecessor-version":[{"id":222,"href":"http:\/\/www.green-party.co.il\/Elec2015\/wp-json\/wp\/v2\/pages\/220\/revisions\/222"}],"up":[{"embeddable":true,"href":"http:\/\/www.green-party.co.il\/Elec2015\/wp-json\/wp\/v2\/pages\/150"}],"wp:attachment":[{"href":"http:\/\/www.green-party.co.il\/Elec2015\/wp-json\/wp\/v2\/media?parent=220"}],"curies":[{"name":"wp","href":"https:\/\/api.w.org\/{rel}","templated":true}]}}